{"id":32686,"date":"2025-01-02T02:15:43","date_gmt":"2025-01-02T01:15:43","guid":{"rendered":"http:\/\/automotive.system199.de\/shop\/produkt\/verschleissteile-nebelscheinwerfer-rechts-vw-passat-b6-3c-06\/"},"modified":"2025-01-02T02:15:46","modified_gmt":"2025-01-02T01:15:46","slug":"verschleissteile-nebelscheinwerfer-rechts-vw-passat-b6-3c-06","status":"publish","type":"product","link":"https:\/\/car-2.de\/shop\/produkt\/verschleissteile-nebelscheinwerfer-rechts-vw-passat-b6-3c-06\/","title":{"rendered":"Verschlei\u00dfteile Nebelscheinwerfer rechts VW Passat (B6\/3C)  06"},"content":{"rendered":"<p>Nebelscheinwerfer oder Nebelr\u00fcckleuchten sind bei erheblicher Sichtbehinderung wie Regen, Neben oder Schnee unabdingbar. Sollten Sie deshalb momentan auf einen Nebelscheinwerfer oder eine Nebelschlussleuchte verzichten m\u00fcssen da Ihrer in welcher Hinsicht auch immer defekt ist, k\u00f6nnen Sie bei f\u00fcr Tuning und sportliches Autozubeh\u00f6r Ersatz f\u00fcr Ihre defekte Leuchte finden. Unsere Zubeh\u00f6r Nebelscheinwerfer und Zubeh\u00f6r Nebelschlussleuchten eignen sich besonders gut als Austauschleuchte, da sie die Eigenschaft haben dass Sie das Design und die Verarbeitungsqualit\u00e4t des Originals besitzen, allerdings deutlich g\u00fcnstiger sind als die Ihres Fahrzeugherstellers. Unsere Zubeh\u00f6r Nebelscheinwerfer und Zubeh\u00f6r Nebelschlussleuchten werden teilweise mit, und teilweise ohne Leuchtmittel ausgeliefert. Schauen Sie bitte diesbez\u00fcglich in der Kurzbeschreibung der jeweiligen Nebelleuchte, um sicher zu gehen ob Sie das ebenfalls in der Kurzbeschreibung genannte Leuchtmittel noch besorgen m\u00fcssen, oder ob es schon dabei ist. So k\u00f6nnen Sie im Falle eines Defekts die Nebelleuchte schnell und problemlos auswechseln. Die Zubeh\u00f6r Nebelleuchten sind selbstverst\u00e4ndlich passgenau, fahrzeugspezifisch und in gewohnter FK Qualit\u00e4t. Z\u00f6gern Sie also nicht, und sparen Sie beim Kauf von Ersatz oder Zubeh\u00f6r Nebelleuchten bares Geld. Sollten Sie nicht nur einen gleich aussehenden Ersatz suchen, sondern auch noch Tuningma\u00dfnahmen an Ihrem Fahrzeug durchf\u00fchren wollen, dann finden Sie bei uns f\u00fcr Tuning und sportliches Autozubeh\u00f6r \u0096 neben unsere Zubeh\u00f6r Nebelleuchten \u0096 eine viel Zahl an Tuningartikeln der Kategorie Beleuchtung. Hier finden Sie unter anderem Design Scheinwerfern, LED Scheinwerfer, Tagfahrlich, Design R\u00fcckleuchten LED R\u00fcckleuchten und vieles mehr.<span style=\"display: inline-block; width: 0px; overflow: hidden; line-height: 0;\" data-mce-type=\"bookmark\" class=\"mce_SELRES_start\">\ufeff<\/span><\/p>\n","protected":false},"excerpt":{"rendered":"<p>Zubeh\u00f6r Nebelscheinwerfer f\u00fcr VW Passat (B6\/3C)f\u00fcr Baujahr: 06mit E Pr\u00fcfzeichen (eintragungsfrei)rechts \/ BeifahrerseiteLeuchtmittel: HB4Zubeh\u00f6r Nebelscheinwerfer f\u00fcr VW Passat (B6\/3C)f\u00fcr Baujahr: 06mit E Pr\u00fcfzeichen (eintragungsfrei)rechts \/ BeifahrerseiteLeuchtmittel: HB4<\/p>\n","protected":false},"featured_media":53677,"comment_status":"closed","ping_status":"open","template":"","meta":[],"product_brand":[],"product_cat":[633,645],"product_tag":[],"class_list":{"0":"post-32686","1":"product","2":"type-product","3":"status-publish","4":"has-post-thumbnail","6":"product_cat-beleuchtung-tuning","7":"product_cat-nebelscheinwerfer","8":"pa_kfz-hersteller-vw","9":"pa_kfz-modell-passat-b6-3c","11":"first","12":"instock","13":"purchasable","14":"product-type-simple"},"_links":{"self":[{"href":"https:\/\/car-2.de\/shop\/wp-json\/wp\/v2\/product\/32686","targetHints":{"allow":["GET"]}}],"collection":[{"href":"https:\/\/car-2.de\/shop\/wp-json\/wp\/v2\/product"}],"about":[{"href":"https:\/\/car-2.de\/shop\/wp-json\/wp\/v2\/types\/product"}],"replies":[{"embeddable":true,"href":"https:\/\/car-2.de\/shop\/wp-json\/wp\/v2\/comments?post=32686"}],"wp:featuredmedia":[{"embeddable":true,"href":"https:\/\/car-2.de\/shop\/wp-json\/wp\/v2\/media\/53677"}],"wp:attachment":[{"href":"https:\/\/car-2.de\/shop\/wp-json\/wp\/v2\/media?parent=32686"}],"wp:term":[{"taxonomy":"product_brand","embeddable":true,"href":"https:\/\/car-2.de\/shop\/wp-json\/wp\/v2\/product_brand?post=32686"},{"taxonomy":"product_cat","embeddable":true,"href":"https:\/\/car-2.de\/shop\/wp-json\/wp\/v2\/product_cat?post=32686"},{"taxonomy":"product_tag","embeddable":true,"href":"https:\/\/car-2.de\/shop\/wp-json\/wp\/v2\/product_tag?post=32686"}],"curies":[{"name":"wp","href":"https:\/\/api.w.org\/{rel}","templated":true}]}}