{"id":32572,"date":"2025-01-02T02:15:04","date_gmt":"2025-01-02T01:15:04","guid":{"rendered":"http:\/\/automotive.system199.de\/shop\/produkt\/tieferlegungsfedern-opel-adam-tieferlegung-va-ha-ca-40-mm\/"},"modified":"2025-01-02T02:15:05","modified_gmt":"2025-01-02T01:15:05","slug":"tieferlegungsfedern-opel-adam-tieferlegung-va-ha-ca-40-mm","status":"publish","type":"product","link":"https:\/\/car-2.de\/shop\/produkt\/tieferlegungsfedern-opel-adam-tieferlegung-va-ha-ca-40-mm\/","title":{"rendered":"Tieferlegungsfedern Opel Adam Tieferlegung VA\/HA ca. 40 mm"},"content":{"rendered":"<p>M\u00f6chten Sie die Fahreigenschaften Ihres Fahrzeugs durch eineTieferlegung verbessern? Dann sind Sie in unserem Online Shop genaurichtig, hier k\u00f6nnen Sie Tieferlegungsfedern f\u00fcr viele Automarkenund Fahrzeugmodelle finden. Wir bieten Ihnen Tieferlegungsfedern inhoher Qualit\u00e4t und mit einer top Verarbeitung an. UnsereTieferlegungsfedern werden nach den strengen Richtlinien der DIN EN ISO9001-2001 auf modernsten CNC Wickelmaschinen aus speziellemChrom-Silizium Stahl gefertigt, endgesetzt und als hochwertigerKorrosionsschutz kunststoffbeschichtet. Durch eine Tieferlegung wird die Stabilit\u00e4t Ihres Fahrzeugs insbesondere in Kurvenlagen erh\u00f6ht, wasIhnen eine sportlichere Fahrweise erlaubt. Zudem spielt die dynamischere Optik, die ein Fahrzeug durch eine Tieferlegung erzielen kann, f\u00fcrviele Fahrer eine wichtige Rolle. Mit unseren Tieferlegungsfedern k\u00f6nnen Sie die Fahrzeugh\u00f6he reduzieren. Zus\u00e4tzlich zur bereitserw\u00e4hnten sportlicheren Optik verlagert die Tieferlegung den Schwerpunkt Ihres Fahrzeugs, was eine deutlich sportlichere Fahrweise erlaubt. Dies \u00e4u\u00dfert sich durch eine geringere Rollneigung und ein vermindertesAusfedern bei der Beschleunigung, wobei der Komfort dennoch nicht zukurz kommt. Bis zu einer Tieferlegung von 40mm k\u00f6nnen Sie mit denSeriensto\u00dfd\u00e4mpfer Ihres Fahrzeugs weiterfahren.<span style=\"display: inline-block; width: 0px; overflow: hidden; line-height: 0;\" data-mce-type=\"bookmark\" class=\"mce_SELRES_start\">\ufeff<\/span><\/p>\n","protected":false},"excerpt":{"rendered":"<p>f\u00fcr Opel Adamf\u00fcr Baujahr: ab 2012Tieferlegung ca. 40 mmmit Teilegutachten\/StVZO-ZulassungMaterial: Chrom Silizium StahlTieferlegungsfedern High TecTop Verarbeitungf\u00fcr Opel Adamf\u00fcr Baujahr: ab 2012Tieferlegung ca. 40 mmmit Teilegutachten\/StVZO-ZulassungMaterial: Chrom Silizium StahlTieferlegungsfedern High TecTop Verarbeitung<\/p>\n","protected":false},"featured_media":50788,"comment_status":"closed","ping_status":"open","template":"","meta":[],"product_brand":[],"product_cat":[641,663],"product_tag":[],"class_list":{"0":"post-32572","1":"product","2":"type-product","3":"status-publish","4":"has-post-thumbnail","6":"product_cat-fahrwerk-tuning","7":"product_cat-tieferlegungsfedern","8":"pa_kfz-hersteller-opel","9":"pa_kfz-modell-adam","11":"first","12":"instock","13":"purchasable","14":"product-type-simple"},"_links":{"self":[{"href":"https:\/\/car-2.de\/shop\/wp-json\/wp\/v2\/product\/32572","targetHints":{"allow":["GET"]}}],"collection":[{"href":"https:\/\/car-2.de\/shop\/wp-json\/wp\/v2\/product"}],"about":[{"href":"https:\/\/car-2.de\/shop\/wp-json\/wp\/v2\/types\/product"}],"replies":[{"embeddable":true,"href":"https:\/\/car-2.de\/shop\/wp-json\/wp\/v2\/comments?post=32572"}],"wp:featuredmedia":[{"embeddable":true,"href":"https:\/\/car-2.de\/shop\/wp-json\/wp\/v2\/media\/50788"}],"wp:attachment":[{"href":"https:\/\/car-2.de\/shop\/wp-json\/wp\/v2\/media?parent=32572"}],"wp:term":[{"taxonomy":"product_brand","embeddable":true,"href":"https:\/\/car-2.de\/shop\/wp-json\/wp\/v2\/product_brand?post=32572"},{"taxonomy":"product_cat","embeddable":true,"href":"https:\/\/car-2.de\/shop\/wp-json\/wp\/v2\/product_cat?post=32572"},{"taxonomy":"product_tag","embeddable":true,"href":"https:\/\/car-2.de\/shop\/wp-json\/wp\/v2\/product_tag?post=32572"}],"curies":[{"name":"wp","href":"https:\/\/api.w.org\/{rel}","templated":true}]}}