{"id":30324,"date":"2025-01-10T13:28:32","date_gmt":"2025-01-10T12:28:32","guid":{"rendered":"http:\/\/automotive.system199.de\/shop\/produkt\/fahne-fk-150-x-400-cm\/"},"modified":"2025-01-10T13:28:34","modified_gmt":"2025-01-10T12:28:34","slug":"fahne-fk-150-x-400-cm","status":"publish","type":"product","link":"https:\/\/car-2.de\/shop\/produkt\/fahne-fk-150-x-400-cm\/","title":{"rendered":"Fahne FK &#8211; 150 x 400 cm"},"content":{"rendered":"<p>FK-Automotive Fahne:Sollten Sie von unserer guten Qualit\u00e4t, unserer hohen Verarbeitungund unserem guten Service \u00fcberzeugt sein,oder schlicht und ergreifendFan von FK Automotive sein, k\u00f6nnen Sie bei uns originale FK Banner und Fahnen erwerben. Diese eigenen sich insbesondere f\u00fcr Veranstaltungen,Tuningtreffen, Verkaufsst\u00e4nde oder um einfach Ihre Verbundenheit mitFK-Automotive zu zeigen.\u00a0Technische Daten:Ma\u00dfe 150 x 400cm\u00a0Lieferumfang:1 FK-Automotive Fahne Fahnenmast oder andere Aufh\u00e4ngevorrichtungen werden nicht mitgeliefert. Bei Interesse an weiteren Flaggen, Fahnen oder anderen Artikeln sind Sie in unserem OnlineShop genau richtig, wir k\u00f6nnen Ihnen dort ein gro\u00dfes Angebot in diesemBereich bieten<span style=\"display: inline-block; width: 0px; overflow: hidden; line-height: 0;\" data-mce-type=\"bookmark\" class=\"mce_SELRES_start\">\ufeff<\/span><\/p>\n","protected":false},"excerpt":{"rendered":"<p>super Qualit\u00e4toriginal FKideal f\u00fcr Veranstaltungen und FansGr\u00f6\u00dfe: 150 x 400 cmf\u00fcr Fahnenmast mit Auslegersuper Qualit\u00e4toriginal FKideal f\u00fcr Veranstaltungen und FansGr\u00f6\u00dfe: 150 x 400 cmf\u00fcr Fahnenmast mit Ausleger<\/p>\n","protected":false},"featured_media":50330,"comment_status":"closed","ping_status":"open","template":"","meta":[],"product_brand":[],"product_cat":[669,637],"product_tag":[],"class_list":{"0":"post-30324","1":"product","2":"type-product","3":"status-publish","4":"has-post-thumbnail","6":"product_cat-fahne","7":"product_cat-sale","8":"pa_kfz-hersteller-universal","9":"pa_kfz-modell-universal","11":"first","12":"instock","13":"purchasable","14":"product-type-simple"},"_links":{"self":[{"href":"https:\/\/car-2.de\/shop\/wp-json\/wp\/v2\/product\/30324","targetHints":{"allow":["GET"]}}],"collection":[{"href":"https:\/\/car-2.de\/shop\/wp-json\/wp\/v2\/product"}],"about":[{"href":"https:\/\/car-2.de\/shop\/wp-json\/wp\/v2\/types\/product"}],"replies":[{"embeddable":true,"href":"https:\/\/car-2.de\/shop\/wp-json\/wp\/v2\/comments?post=30324"}],"wp:featuredmedia":[{"embeddable":true,"href":"https:\/\/car-2.de\/shop\/wp-json\/wp\/v2\/media\/50330"}],"wp:attachment":[{"href":"https:\/\/car-2.de\/shop\/wp-json\/wp\/v2\/media?parent=30324"}],"wp:term":[{"taxonomy":"product_brand","embeddable":true,"href":"https:\/\/car-2.de\/shop\/wp-json\/wp\/v2\/product_brand?post=30324"},{"taxonomy":"product_cat","embeddable":true,"href":"https:\/\/car-2.de\/shop\/wp-json\/wp\/v2\/product_cat?post=30324"},{"taxonomy":"product_tag","embeddable":true,"href":"https:\/\/car-2.de\/shop\/wp-json\/wp\/v2\/product_tag?post=30324"}],"curies":[{"name":"wp","href":"https:\/\/api.w.org\/{rel}","templated":true}]}}